{"id":788,"date":"2021-06-07T20:39:33","date_gmt":"2021-06-07T20:39:33","guid":{"rendered":"https:\/\/afinsuministros.cl\/?page_id=788"},"modified":"2021-09-23T04:24:35","modified_gmt":"2021-09-23T04:24:35","slug":"ficha-tecnica","status":"publish","type":"page","link":"https:\/\/afinsuministros.cl\/en\/ficha-tecnica\/","title":{"rendered":"Data Sheet"},"content":{"rendered":"<p>We have various technical sheets aimed at the sale of products for Road Safety<\/p><h2 class=\"wp-block-heading\">Double wave containment barriers<\/h2><figure class=\"wp-block-image size-large is-resized\"><img loading=\"lazy\" decoding=\"async\" src=\"https:\/\/afinsuministros.cl\/wp-content\/uploads\/2021\/07\/bmidh1c2-barrera-metalica-doble-1024x683.jpg\" alt=\"\" class=\"wp-image-882\" width=\"699\" height=\"466\" srcset=\"https:\/\/afinsuministros.cl\/wp-content\/uploads\/2021\/07\/bmidh1c2-barrera-metalica-doble-1024x683.jpg 1024w, https:\/\/afinsuministros.cl\/wp-content\/uploads\/2021\/07\/bmidh1c2-barrera-metalica-doble-300x200.jpg 300w, https:\/\/afinsuministros.cl\/wp-content\/uploads\/2021\/07\/bmidh1c2-barrera-metalica-doble-768x512.jpg 768w, https:\/\/afinsuministros.cl\/wp-content\/uploads\/2021\/07\/bmidh1c2-barrera-metalica-doble-600x400.jpg 600w, https:\/\/afinsuministros.cl\/wp-content\/uploads\/2021\/07\/bmidh1c2-barrera-metalica-doble.jpg 1200w\" sizes=\"(max-width: 699px) 100vw, 699px\" \/><\/figure><div class=\"wp-block-file\"><a href=\"https:\/\/afinsuministros.cl\/wp-content\/uploads\/2021\/06\/Ficha-Tecnica-AFIN.pdf\">Download technical sheet<\/a><a href=\"https:\/\/afinsuministros.cl\/wp-content\/uploads\/2021\/06\/Ficha-Tecnica-AFIN.pdf\" class=\"wp-block-file__button\" download>Descarga<\/a><\/div><hr class=\"wp-block-separator is-style-wide\"\/><h2 class=\"wp-block-heading\">Triple Wave Containment Barriers<\/h2><figure class=\"wp-block-image size-large is-resized\"><img loading=\"lazy\" decoding=\"async\" src=\"https:\/\/afinsuministros.cl\/wp-content\/uploads\/2021\/07\/foto-complemento02.jpg\" alt=\"\" class=\"wp-image-879\" width=\"664\" height=\"424\" srcset=\"https:\/\/afinsuministros.cl\/wp-content\/uploads\/2021\/07\/foto-complemento02.jpg 470w, https:\/\/afinsuministros.cl\/wp-content\/uploads\/2021\/07\/foto-complemento02-300x191.jpg 300w\" sizes=\"(max-width: 664px) 100vw, 664px\" \/><\/figure><div class=\"wp-block-file\"><a href=\"https:\/\/afinsuministros.cl\/wp-content\/uploads\/2021\/07\/Ficha-Tecnica-Triple-Onda.pdf\">Ficha T\u00e9cnica - Triple Onda<\/a><a href=\"https:\/\/afinsuministros.cl\/wp-content\/uploads\/2021\/07\/Ficha-Tecnica-Triple-Onda.pdf\" class=\"wp-block-file__button\" download>Descarga<\/a><\/div><hr class=\"wp-block-separator is-style-wide\"\/><h2 class=\"wp-block-heading\">Reflective stripe<\/h2><figure class=\"wp-block-image size-large is-resized\"><img loading=\"lazy\" decoding=\"async\" src=\"https:\/\/afinsuministros.cl\/wp-content\/uploads\/2021\/07\/tacha-amarilla-dos-caras-1280x720-1-1024x576.jpg\" alt=\"\" class=\"wp-image-880\" width=\"689\" height=\"387\" srcset=\"https:\/\/afinsuministros.cl\/wp-content\/uploads\/2021\/07\/tacha-amarilla-dos-caras-1280x720-1-1024x576.jpg 1024w, https:\/\/afinsuministros.cl\/wp-content\/uploads\/2021\/07\/tacha-amarilla-dos-caras-1280x720-1-300x169.jpg 300w, https:\/\/afinsuministros.cl\/wp-content\/uploads\/2021\/07\/tacha-amarilla-dos-caras-1280x720-1-768x432.jpg 768w, https:\/\/afinsuministros.cl\/wp-content\/uploads\/2021\/07\/tacha-amarilla-dos-caras-1280x720-1-600x338.jpg 600w, https:\/\/afinsuministros.cl\/wp-content\/uploads\/2021\/07\/tacha-amarilla-dos-caras-1280x720-1.jpg 1280w\" sizes=\"(max-width: 689px) 100vw, 689px\" \/><\/figure><p><a href=\"https:\/\/afinsuministros.cl\/wp-content\/uploads\/2021\/09\/Tachas-reflectantes.pdf\">Ficha T\u00e9cnica - Tacha Reflectante<\/a><\/p><div class=\"wp-block-buttons is-layout-flex wp-block-buttons-is-layout-flex\"><div class=\"wp-block-button\"><a class=\"wp-block-button__link\" href=\"https:\/\/afinsuministros.cl\/wp-content\/uploads\/2021\/09\/Tachas-reflectantes.pdf\">Descarga<\/a><\/div><\/div><hr class=\"wp-block-separator is-style-wide\"\/><h2 class=\"wp-block-heading\">Pintura Ralva Se\u00f1acril 3200-3775-3627-3400<\/h2><figure class=\"wp-block-image size-large\"><img loading=\"lazy\" decoding=\"async\" width=\"700\" height=\"709\" src=\"https:\/\/afinsuministros.cl\/wp-content\/uploads\/2021\/06\/pintura-ralva.jpg\" alt=\"\" class=\"wp-image-765\" srcset=\"https:\/\/afinsuministros.cl\/wp-content\/uploads\/2021\/06\/pintura-ralva.jpg 700w, https:\/\/afinsuministros.cl\/wp-content\/uploads\/2021\/06\/pintura-ralva-100x100.jpg 100w, https:\/\/afinsuministros.cl\/wp-content\/uploads\/2021\/06\/pintura-ralva-600x608.jpg 600w, https:\/\/afinsuministros.cl\/wp-content\/uploads\/2021\/06\/pintura-ralva-296x300.jpg 296w, https:\/\/afinsuministros.cl\/wp-content\/uploads\/2021\/06\/pintura-ralva-98x98.jpg 98w, https:\/\/afinsuministros.cl\/wp-content\/uploads\/2021\/06\/pintura-ralva-68x68.jpg 68w, https:\/\/afinsuministros.cl\/wp-content\/uploads\/2021\/06\/pintura-ralva-50x50.jpg 50w\" sizes=\"(max-width: 700px) 100vw, 700px\" \/><\/figure><div class=\"wp-block-file\"><a href=\"https:\/\/afinsuministros.cl\/wp-content\/uploads\/2021\/07\/Ficha-Tecnica-Ralva-Senacril-3200-3775-3627-3400.pdf\">Ficha T\u00e9cnica - Ralva Se\u00f1acril 3200-3775-3627-3400<\/a><a href=\"https:\/\/afinsuministros.cl\/wp-content\/uploads\/2021\/07\/Ficha-Tecnica-Ralva-Senacril-3200-3775-3627-3400.pdf\" class=\"wp-block-file__button\" download>Descarga<\/a><\/div><hr class=\"wp-block-separator is-style-wide\"\/><h2 class=\"wp-block-heading\">Ficha T\u00e9cnica - Ralva Se\u00f1acril 3100-3105<\/h2><figure class=\"wp-block-image size-large\"><img loading=\"lazy\" decoding=\"async\" width=\"700\" height=\"709\" src=\"https:\/\/afinsuministros.cl\/wp-content\/uploads\/2021\/06\/pintura-ralva.jpg\" alt=\"\" class=\"wp-image-765\" srcset=\"https:\/\/afinsuministros.cl\/wp-content\/uploads\/2021\/06\/pintura-ralva.jpg 700w, https:\/\/afinsuministros.cl\/wp-content\/uploads\/2021\/06\/pintura-ralva-100x100.jpg 100w, https:\/\/afinsuministros.cl\/wp-content\/uploads\/2021\/06\/pintura-ralva-600x608.jpg 600w, https:\/\/afinsuministros.cl\/wp-content\/uploads\/2021\/06\/pintura-ralva-296x300.jpg 296w, https:\/\/afinsuministros.cl\/wp-content\/uploads\/2021\/06\/pintura-ralva-98x98.jpg 98w, https:\/\/afinsuministros.cl\/wp-content\/uploads\/2021\/06\/pintura-ralva-68x68.jpg 68w, https:\/\/afinsuministros.cl\/wp-content\/uploads\/2021\/06\/pintura-ralva-50x50.jpg 50w\" sizes=\"(max-width: 700px) 100vw, 700px\" \/><\/figure><div class=\"wp-block-file\"><a href=\"https:\/\/afinsuministros.cl\/wp-content\/uploads\/2021\/07\/Ficha-Tecnica-Ralva-Senacril-3100-3105.pdf\">Ficha T\u00e9cnica - Ralva Se\u00f1acril 3100-3105<\/a><a href=\"https:\/\/afinsuministros.cl\/wp-content\/uploads\/2021\/07\/Ficha-Tecnica-Ralva-Senacril-3100-3105.pdf\" class=\"wp-block-file__button\" download>Descarga<\/a><\/div><hr class=\"wp-block-separator is-style-wide\"\/><h2 class=\"wp-block-heading\">Captagum (Gray adhesive)<\/h2><figure class=\"wp-block-image size-large\"><img loading=\"lazy\" decoding=\"async\" width=\"680\" height=\"700\" src=\"https:\/\/afinsuministros.cl\/wp-content\/uploads\/2021\/07\/Pegamento-epoxico-1.jpg\" alt=\"\" class=\"wp-image-867\" srcset=\"https:\/\/afinsuministros.cl\/wp-content\/uploads\/2021\/07\/Pegamento-epoxico-1.jpg 680w, https:\/\/afinsuministros.cl\/wp-content\/uploads\/2021\/07\/Pegamento-epoxico-1-291x300.jpg 291w, https:\/\/afinsuministros.cl\/wp-content\/uploads\/2021\/07\/Pegamento-epoxico-1-600x618.jpg 600w, https:\/\/afinsuministros.cl\/wp-content\/uploads\/2021\/07\/Pegamento-epoxico-1-50x50.jpg 50w\" sizes=\"(max-width: 680px) 100vw, 680px\" \/><\/figure><p><a href=\"https:\/\/afinsuministros.cl\/wp-content\/uploads\/2021\/09\/Captagum.pdf\">Ficha T\u00e9cnica - Captagum (Adhesivo gris)<\/a> <\/p><div class=\"wp-block-buttons is-layout-flex wp-block-buttons-is-layout-flex\"><div class=\"wp-block-button\"><a class=\"wp-block-button__link\" href=\"https:\/\/afinsuministros.cl\/wp-content\/uploads\/2021\/09\/Captagum.pdf\">Descarga<\/a><\/div><\/div><p><\/p>","protected":false},"excerpt":{"rendered":"<p>Disponemos de variadas fichas t\u00e9cnicas orientadas a la venta de productos para la Seguridad Vial Barreras de contenci\u00f3n doble onda Barreras de contenci\u00f3n Triple Onda Tacha reflectante Ficha T\u00e9cnica - Tacha Reflectante Pintura Ralva Se\u00f1acril 3200-3775-3627-3400 Ficha T\u00e9cnica - Ralva Se\u00f1acril 3100-3105 Captagum (Adhesivo gris) Ficha T\u00e9cnica - Captagum (Adhesivo gris)<\/p>","protected":false},"author":1,"featured_media":0,"parent":0,"menu_order":0,"comment_status":"closed","ping_status":"closed","template":"","meta":{"footnotes":""},"class_list":["post-788","page","type-page","status-publish","hentry"],"yoast_head":"<!-- This site is optimized with the Yoast SEO plugin v25.6 - https:\/\/yoast.com\/wordpress\/plugins\/seo\/ -->\n<title>Ficha t\u00e9cnica - AFIN Suministros<\/title>\n<meta name=\"robots\" content=\"index, follow, max-snippet:-1, max-image-preview:large, max-video-preview:-1\" \/>\n<link rel=\"canonical\" href=\"https:\/\/afinsuministros.cl\/en\/ficha-tecnica\/\" \/>\n<meta property=\"og:locale\" content=\"en_US\" \/>\n<meta property=\"og:type\" content=\"article\" \/>\n<meta property=\"og:title\" content=\"Ficha t\u00e9cnica - AFIN Suministros\" \/>\n<meta property=\"og:description\" content=\"Disponemos de variadas fichas t\u00e9cnicas orientadas a la venta de productos para la Seguridad Vial Barreras de contenci\u00f3n doble onda Barreras de contenci\u00f3n Triple Onda Tacha reflectante Ficha T\u00e9cnica - Tacha Reflectante Pintura Ralva Se\u00f1acril 3200-3775-3627-3400 Ficha T\u00e9cnica - Ralva Se\u00f1acril 3100-3105 Captagum (Adhesivo gris) Ficha T\u00e9cnica - Captagum (Adhesivo gris)\" \/>\n<meta property=\"og:url\" content=\"https:\/\/afinsuministros.cl\/en\/ficha-tecnica\/\" \/>\n<meta property=\"og:site_name\" content=\"AFIN Suministros\" \/>\n<meta property=\"article:modified_time\" content=\"2021-09-23T04:24:35+00:00\" \/>\n<meta property=\"og:image\" content=\"https:\/\/afinsuministros.cl\/wp-content\/uploads\/2021\/07\/bmidh1c2-barrera-metalica-doble-1024x683.jpg\" \/>\n<meta name=\"twitter:card\" content=\"summary_large_image\" \/>\n<meta name=\"twitter:label1\" content=\"Est. reading time\" \/>\n\t<meta name=\"twitter:data1\" content=\"2 minutes\" \/>\n<script type=\"application\/ld+json\" class=\"yoast-schema-graph\">{\"@context\":\"https:\/\/schema.org\",\"@graph\":[{\"@type\":\"WebPage\",\"@id\":\"https:\/\/afinsuministros.cl\/ficha-tecnica\/\",\"url\":\"https:\/\/afinsuministros.cl\/ficha-tecnica\/\",\"name\":\"Ficha t\u00e9cnica - AFIN Suministros\",\"isPartOf\":{\"@id\":\"https:\/\/afinsuministros.cl\/#website\"},\"primaryImageOfPage\":{\"@id\":\"https:\/\/afinsuministros.cl\/ficha-tecnica\/#primaryimage\"},\"image\":{\"@id\":\"https:\/\/afinsuministros.cl\/ficha-tecnica\/#primaryimage\"},\"thumbnailUrl\":\"https:\/\/afinsuministros.cl\/wp-content\/uploads\/2021\/07\/bmidh1c2-barrera-metalica-doble-1024x683.jpg\",\"datePublished\":\"2021-06-07T20:39:33+00:00\",\"dateModified\":\"2021-09-23T04:24:35+00:00\",\"breadcrumb\":{\"@id\":\"https:\/\/afinsuministros.cl\/ficha-tecnica\/#breadcrumb\"},\"inLanguage\":\"en-US\",\"potentialAction\":[{\"@type\":\"ReadAction\",\"target\":[\"https:\/\/afinsuministros.cl\/ficha-tecnica\/\"]}]},{\"@type\":\"ImageObject\",\"inLanguage\":\"en-US\",\"@id\":\"https:\/\/afinsuministros.cl\/ficha-tecnica\/#primaryimage\",\"url\":\"https:\/\/afinsuministros.cl\/wp-content\/uploads\/2021\/07\/bmidh1c2-barrera-metalica-doble-1024x683.jpg\",\"contentUrl\":\"https:\/\/afinsuministros.cl\/wp-content\/uploads\/2021\/07\/bmidh1c2-barrera-metalica-doble-1024x683.jpg\"},{\"@type\":\"BreadcrumbList\",\"@id\":\"https:\/\/afinsuministros.cl\/ficha-tecnica\/#breadcrumb\",\"itemListElement\":[{\"@type\":\"ListItem\",\"position\":1,\"name\":\"Portada\",\"item\":\"https:\/\/afinsuministros.cl\/\"},{\"@type\":\"ListItem\",\"position\":2,\"name\":\"Ficha t\u00e9cnica\"}]},{\"@type\":\"WebSite\",\"@id\":\"https:\/\/afinsuministros.cl\/#website\",\"url\":\"https:\/\/afinsuministros.cl\/\",\"name\":\"AFIN Suministros\",\"description\":\"Lo mejor en suministros de construcci\u00f3n\",\"publisher\":{\"@id\":\"https:\/\/afinsuministros.cl\/#organization\"},\"potentialAction\":[{\"@type\":\"SearchAction\",\"target\":{\"@type\":\"EntryPoint\",\"urlTemplate\":\"https:\/\/afinsuministros.cl\/?s={search_term_string}\"},\"query-input\":{\"@type\":\"PropertyValueSpecification\",\"valueRequired\":true,\"valueName\":\"search_term_string\"}}],\"inLanguage\":\"en-US\"},{\"@type\":\"Organization\",\"@id\":\"https:\/\/afinsuministros.cl\/#organization\",\"name\":\"AFIN Suministros\",\"url\":\"https:\/\/afinsuministros.cl\/\",\"logo\":{\"@type\":\"ImageObject\",\"inLanguage\":\"en-US\",\"@id\":\"https:\/\/afinsuministros.cl\/#\/schema\/logo\/image\/\",\"url\":\"https:\/\/afinsuministros.cl\/wp-content\/uploads\/2020\/11\/cropped-Logo-e1606193532755.png\",\"contentUrl\":\"https:\/\/afinsuministros.cl\/wp-content\/uploads\/2020\/11\/cropped-Logo-e1606193532755.png\",\"width\":200,\"height\":64,\"caption\":\"AFIN Suministros\"},\"image\":{\"@id\":\"https:\/\/afinsuministros.cl\/#\/schema\/logo\/image\/\"}}]}<\/script>\n<!-- \/ Yoast SEO plugin. -->","yoast_head_json":{"title":"Ficha t\u00e9cnica - AFIN Suministros","robots":{"index":"index","follow":"follow","max-snippet":"max-snippet:-1","max-image-preview":"max-image-preview:large","max-video-preview":"max-video-preview:-1"},"canonical":"https:\/\/afinsuministros.cl\/en\/ficha-tecnica\/","og_locale":"en_US","og_type":"article","og_title":"Ficha t\u00e9cnica - AFIN Suministros","og_description":"Disponemos de variadas fichas t\u00e9cnicas orientadas a la venta de productos para la Seguridad Vial Barreras de contenci\u00f3n doble onda Barreras de contenci\u00f3n Triple Onda Tacha reflectante Ficha T\u00e9cnica - Tacha Reflectante Pintura Ralva Se\u00f1acril 3200-3775-3627-3400 Ficha T\u00e9cnica - Ralva Se\u00f1acril 3100-3105 Captagum (Adhesivo gris) Ficha T\u00e9cnica - Captagum (Adhesivo gris)","og_url":"https:\/\/afinsuministros.cl\/en\/ficha-tecnica\/","og_site_name":"AFIN Suministros","article_modified_time":"2021-09-23T04:24:35+00:00","og_image":[{"url":"https:\/\/afinsuministros.cl\/wp-content\/uploads\/2021\/07\/bmidh1c2-barrera-metalica-doble-1024x683.jpg","type":"","width":"","height":""}],"twitter_card":"summary_large_image","twitter_misc":{"Est. reading time":"2 minutes"},"schema":{"@context":"https:\/\/schema.org","@graph":[{"@type":"WebPage","@id":"https:\/\/afinsuministros.cl\/ficha-tecnica\/","url":"https:\/\/afinsuministros.cl\/ficha-tecnica\/","name":"Ficha t\u00e9cnica - AFIN Suministros","isPartOf":{"@id":"https:\/\/afinsuministros.cl\/#website"},"primaryImageOfPage":{"@id":"https:\/\/afinsuministros.cl\/ficha-tecnica\/#primaryimage"},"image":{"@id":"https:\/\/afinsuministros.cl\/ficha-tecnica\/#primaryimage"},"thumbnailUrl":"https:\/\/afinsuministros.cl\/wp-content\/uploads\/2021\/07\/bmidh1c2-barrera-metalica-doble-1024x683.jpg","datePublished":"2021-06-07T20:39:33+00:00","dateModified":"2021-09-23T04:24:35+00:00","breadcrumb":{"@id":"https:\/\/afinsuministros.cl\/ficha-tecnica\/#breadcrumb"},"inLanguage":"en-US","potentialAction":[{"@type":"ReadAction","target":["https:\/\/afinsuministros.cl\/ficha-tecnica\/"]}]},{"@type":"ImageObject","inLanguage":"en-US","@id":"https:\/\/afinsuministros.cl\/ficha-tecnica\/#primaryimage","url":"https:\/\/afinsuministros.cl\/wp-content\/uploads\/2021\/07\/bmidh1c2-barrera-metalica-doble-1024x683.jpg","contentUrl":"https:\/\/afinsuministros.cl\/wp-content\/uploads\/2021\/07\/bmidh1c2-barrera-metalica-doble-1024x683.jpg"},{"@type":"BreadcrumbList","@id":"https:\/\/afinsuministros.cl\/ficha-tecnica\/#breadcrumb","itemListElement":[{"@type":"ListItem","position":1,"name":"Portada","item":"https:\/\/afinsuministros.cl\/"},{"@type":"ListItem","position":2,"name":"Ficha t\u00e9cnica"}]},{"@type":"WebSite","@id":"https:\/\/afinsuministros.cl\/#website","url":"https:\/\/afinsuministros.cl\/","name":"AFIN Suministros","description":"Lo mejor en suministros de construcci\u00f3n","publisher":{"@id":"https:\/\/afinsuministros.cl\/#organization"},"potentialAction":[{"@type":"SearchAction","target":{"@type":"EntryPoint","urlTemplate":"https:\/\/afinsuministros.cl\/?s={search_term_string}"},"query-input":{"@type":"PropertyValueSpecification","valueRequired":true,"valueName":"search_term_string"}}],"inLanguage":"en-US"},{"@type":"Organization","@id":"https:\/\/afinsuministros.cl\/#organization","name":"AFIN Suministros","url":"https:\/\/afinsuministros.cl\/","logo":{"@type":"ImageObject","inLanguage":"en-US","@id":"https:\/\/afinsuministros.cl\/#\/schema\/logo\/image\/","url":"https:\/\/afinsuministros.cl\/wp-content\/uploads\/2020\/11\/cropped-Logo-e1606193532755.png","contentUrl":"https:\/\/afinsuministros.cl\/wp-content\/uploads\/2020\/11\/cropped-Logo-e1606193532755.png","width":200,"height":64,"caption":"AFIN Suministros"},"image":{"@id":"https:\/\/afinsuministros.cl\/#\/schema\/logo\/image\/"}}]}},"_links":{"self":[{"href":"https:\/\/afinsuministros.cl\/en\/wp-json\/wp\/v2\/pages\/788"}],"collection":[{"href":"https:\/\/afinsuministros.cl\/en\/wp-json\/wp\/v2\/pages"}],"about":[{"href":"https:\/\/afinsuministros.cl\/en\/wp-json\/wp\/v2\/types\/page"}],"author":[{"embeddable":true,"href":"https:\/\/afinsuministros.cl\/en\/wp-json\/wp\/v2\/users\/1"}],"replies":[{"embeddable":true,"href":"https:\/\/afinsuministros.cl\/en\/wp-json\/wp\/v2\/comments?post=788"}],"version-history":[{"count":10,"href":"https:\/\/afinsuministros.cl\/en\/wp-json\/wp\/v2\/pages\/788\/revisions"}],"predecessor-version":[{"id":979,"href":"https:\/\/afinsuministros.cl\/en\/wp-json\/wp\/v2\/pages\/788\/revisions\/979"}],"wp:attachment":[{"href":"https:\/\/afinsuministros.cl\/en\/wp-json\/wp\/v2\/media?parent=788"}],"curies":[{"name":"wp","href":"https:\/\/api.w.org\/{rel}","templated":true}]}}